{"id":11316,"date":"2023-01-08T16:02:25","date_gmt":"2023-01-08T15:02:25","guid":{"rendered":"https:\/\/murielmeynard.art\/?page_id=11316"},"modified":"2026-01-08T23:59:54","modified_gmt":"2026-01-08T22:59:54","slug":"tarifs-mariages","status":"publish","type":"page","link":"https:\/\/murielmeynard.art\/en\/tarifs-mariages\/","title":{"rendered":"Les tarifs Mariage"},"content":{"rendered":"<div data-elementor-type=\"wp-page\" data-elementor-id=\"11316\" class=\"elementor elementor-11316\" data-elementor-settings=\"{&quot;ha_cmc_init_switcher&quot;:&quot;no&quot;}\" data-elementor-post-type=\"page\">\n\t\t\t\t<div class=\"elementor-element elementor-element-1a9bd1c e-flex e-con-boxed e-con e-parent\" data-id=\"1a9bd1c\" data-element_type=\"container\" data-e-type=\"container\" data-settings=\"{&quot;_ha_eqh_enable&quot;:false}\">\n\t\t\t\t\t<div class=\"e-con-inner\">\n\t\t<div class=\"elementor-element elementor-element-9c17609 e-con-full e-flex e-con e-child\" data-id=\"9c17609\" data-element_type=\"container\" data-e-type=\"container\" data-settings=\"{&quot;_ha_eqh_enable&quot;:false}\">\n\t\t\t\t<div class=\"elementor-element elementor-element-1ea04f3 elementor-widget elementor-widget-heading\" data-id=\"1ea04f3\" data-element_type=\"widget\" data-e-type=\"widget\" data-widget_type=\"heading.default\">\n\t\t\t\t<div class=\"elementor-widget-container\">\n\t\t\t\t\t<h1 class=\"elementor-heading-title elementor-size-default\">LES TARIFS MARIAGE<\/h1>\t\t\t\t<\/div>\n\t\t\t\t<\/div>\n\t\t\t\t<\/div>\n\t\t<div class=\"elementor-element elementor-element-1886c32 e-con-full e-flex e-con e-child\" data-id=\"1886c32\" data-element_type=\"container\" data-e-type=\"container\" data-settings=\"{&quot;_ha_eqh_enable&quot;:false}\">\n\t\t\t\t<div class=\"elementor-element elementor-element-4d8cb1b elementor-widget-divider--view-line elementor-widget elementor-widget-divider\" data-id=\"4d8cb1b\" data-element_type=\"widget\" data-e-type=\"widget\" data-widget_type=\"divider.default\">\n\t\t\t\t<div class=\"elementor-widget-container\">\n\t\t\t\t\t\t\t<div class=\"elementor-divider\">\n\t\t\t<span class=\"elementor-divider-separator\">\n\t\t\t\t\t\t<\/span>\n\t\t<\/div>\n\t\t\t\t\t\t<\/div>\n\t\t\t\t<\/div>\n\t\t\t\t<\/div>\n\t\t\t\t\t<\/div>\n\t\t\t\t<\/div>\n\t\t<div class=\"elementor-element elementor-element-9741395 e-flex e-con-boxed e-con e-parent\" data-id=\"9741395\" data-element_type=\"container\" data-e-type=\"container\" data-settings=\"{&quot;_ha_eqh_enable&quot;:false}\">\n\t\t\t\t\t<div class=\"e-con-inner\">\n\t\t\t\t<div class=\"elementor-element elementor-element-2f8e6c3 elementor-widget elementor-widget-text-editor\" data-id=\"2f8e6c3\" data-element_type=\"widget\" data-e-type=\"widget\" data-widget_type=\"text-editor.default\">\n\t\t\t\t<div class=\"elementor-widget-container\">\n\t\t\t\t\t\t\t\t\t<p>Plusieurs collections de reportage de mariage sont propos\u00e9es, con\u00e7ues pour s\u2019adapter \u00e0 votre journ\u00e9e et \u00e0 vos attentes.<\/p><p>Chaque collection comprend :<br \/>\u2022 un accompagnement personnalis\u00e9 en amont,<br \/>\u2022 une s\u00e9ance photo en amoureux avant le jour J pour faire connaissance, <br \/>\u2022 la couverture photographique de votre mariage,<br \/>\u2022 une s\u00e9lection rigoureuse et un traitement soign\u00e9 des images,<br \/>\u2022 une galerie priv\u00e9e pour la d\u00e9couverte et le t\u00e9l\u00e9chargement,<br \/>\u2022 des impressions de vos plus belles images sur support d\u2019Art.<\/p><p><strong>Les collections sont propos\u00e9es \u00e0 partir de 1 900 \u20ac<\/strong>, avec des ajustements sur-mesure possibles.<\/p><p>Des images qui traversent le temps.<br \/>Des photographies pens\u00e9es pour \u00eatre conserv\u00e9es et transmises.<br \/>Albums et tirages sont r\u00e9alis\u00e9s avec des mat\u00e9riaux durables et \u00e9l\u00e9gants, choisis pour leur intemporalit\u00e9.<\/p><p>Vous souhaitez en savoir plus ? <br \/>Le guide mariage, pr\u00e9sentant les collections et les options, est transmis sur demande, apr\u00e8s un premier \u00e9change, afin de proposer un accompagnement adapt\u00e9 \u00e0 votre projet.<\/p><p><a href=\"https:\/\/www.fotostudio.io\/lead_forms\/4485\" target=\"_blank\" rel=\"noopener\">Recevoir la plaquette mariage<\/a><\/p><p><a href=\"https:\/\/www.fotostudio.io\/client\/res\/l-atelier-du-portrait?eid=13675\" target=\"_blank\" rel=\"noopener\">Prendre rendez-vous pour \u00e9changer autour de votre projet, \u00e0 L\u2019Atelier du Portrait ou en visio-conf\u00e9rence.\u00a0<\/a><\/p>\t\t\t\t\t\t\t\t<\/div>\n\t\t\t\t<\/div>\n\t\t\t\t\t<\/div>\n\t\t\t\t<\/div>\n\t\t\t\t<\/div>","protected":false},"excerpt":{"rendered":"<p>LES TARIFS MARIAGE Plusieurs collections de reportage de mariage sont propos\u00e9es, con\u00e7ues pour s\u2019adapter \u00e0 votre journ\u00e9e et \u00e0 vos attentes. Chaque collection comprend :\u2022 un accompagnement personnalis\u00e9 en amont,\u2022 une s\u00e9ance photo en amoureux avant le jour J pour faire connaissance, \u2022 la couverture photographique de votre mariage,\u2022 une s\u00e9lection rigoureuse et un traitement [&hellip;]<\/p>\n","protected":false},"author":1,"featured_media":0,"parent":0,"menu_order":0,"comment_status":"closed","ping_status":"closed","template":"elementor_header_footer","meta":{"_acf_changed":false,"iawp_total_views":1764,"footnotes":""},"class_list":["post-11316","page","type-page","status-publish","hentry"],"acf":[],"_links":{"self":[{"href":"https:\/\/murielmeynard.art\/en\/wp-json\/wp\/v2\/pages\/11316","targetHints":{"allow":["GET"]}}],"collection":[{"href":"https:\/\/murielmeynard.art\/en\/wp-json\/wp\/v2\/pages"}],"about":[{"href":"https:\/\/murielmeynard.art\/en\/wp-json\/wp\/v2\/types\/page"}],"author":[{"embeddable":true,"href":"https:\/\/murielmeynard.art\/en\/wp-json\/wp\/v2\/users\/1"}],"replies":[{"embeddable":true,"href":"https:\/\/murielmeynard.art\/en\/wp-json\/wp\/v2\/comments?post=11316"}],"version-history":[{"count":215,"href":"https:\/\/murielmeynard.art\/en\/wp-json\/wp\/v2\/pages\/11316\/revisions"}],"predecessor-version":[{"id":12813,"href":"https:\/\/murielmeynard.art\/en\/wp-json\/wp\/v2\/pages\/11316\/revisions\/12813"}],"wp:attachment":[{"href":"https:\/\/murielmeynard.art\/en\/wp-json\/wp\/v2\/media?parent=11316"}],"curies":[{"name":"wp","href":"https:\/\/api.w.org\/{rel}","templated":true}]}}